{"id":3306,"date":"2018-03-01T10:03:42","date_gmt":"2018-03-01T08:03:42","guid":{"rendered":"http:\/\/lachapelledaligne.com\/?page_id=3306"},"modified":"2024-03-20T10:35:40","modified_gmt":"2024-03-20T08:35:40","slug":"vie-economique","status":"publish","type":"page","link":"https:\/\/lachapelledaligne.com\/?page_id=3306","title":{"rendered":"Vie \u00e9conomique"},"content":{"rendered":"\n<h5 class=\"wp-block-heading has-pale-cyan-blue-background-color has-background\"><span style=\"color: #800080;\">La commune de La Chapelle d&rsquo;Align\u00e9, sur un plan \u00e9conomique, b\u00e9n\u00e9ficie de quelques atouts&nbsp; :<\/span><\/h5>\n\n\n\n<h6 class=\"wp-block-heading has-cyan-bluish-gray-background-color has-background\">L&rsquo;entreprise LINDSAY : <a href=\"https:\/\/www.societe.com\/societe\/lindsay-europe-393321427.html\">https:\/\/www.societe.com\/societe\/lindsay-europe-393321427.html<\/a><\/h6>\n\n\n<div class=\"wp-block-image\">\n<figure class=\"aligncenter\"><a href=\"https:\/\/lachapelledaligne.com\/?attachment_id=3357\" rel=\"attachment wp-att-3357\"><img loading=\"lazy\" decoding=\"async\" width=\"300\" height=\"118\" src=\"https:\/\/lachapelledaligne.com\/wp-content\/uploads\/2018\/03\/sans-titre-2-300x118.png\" alt=\"\" class=\"wp-image-3357\" srcset=\"https:\/\/lachapelledaligne.com\/wp-content\/uploads\/2018\/03\/sans-titre-2-300x118.png 300w, https:\/\/lachapelledaligne.com\/wp-content\/uploads\/2018\/03\/sans-titre-2.png 358w\" sizes=\"auto, (max-width: 300px) 100vw, 300px\" \/><\/a><\/figure>\n<\/div>\n\n\n<h6 class=\"wp-block-heading has-cyan-bluish-gray-background-color has-background\">Une antenne de l&rsquo;entreprise EDYCEM BETON<\/h6>\n\n\n<blockquote class=\"wp-embedded-content\" data-secret=\"hzZxBKYyZE\"><p><a href=\"https:\/\/www.edycem-bpe.fr\/edycem-bpe\/nos-centrales-a-beton\/centrale-a-beton-la-chapelle-d-aligne\/\">Centrale \u00e0 b\u00e9ton &#8211; La Chapelle d&rsquo;Align\u00e9<\/a><\/p><\/blockquote>\n<p><iframe loading=\"lazy\" class=\"wp-embedded-content\" sandbox=\"allow-scripts\" security=\"restricted\" style=\"position: absolute; clip: rect(1px, 1px, 1px, 1px);\" title=\"\u00ab\u00a0Centrale \u00e0 b\u00e9ton &#8211; La Chapelle d&rsquo;Align\u00e9\u00a0\u00bb &#8212; EDYCEM BPE\" src=\"https:\/\/www.edycem-bpe.fr\/edycem-bpe\/nos-centrales-a-beton\/centrale-a-beton-la-chapelle-d-aligne\/embed\/#?secret=hfJwiq3zhF#?secret=hzZxBKYyZE\" data-secret=\"hzZxBKYyZE\" width=\"600\" height=\"338\" frameborder=\"0\" marginwidth=\"0\" marginheight=\"0\" scrolling=\"no\"><\/iframe><\/p>\n","protected":false},"excerpt":{"rendered":"<p>La commune de La Chapelle d&rsquo;Align\u00e9, sur un plan \u00e9conomique, b\u00e9n\u00e9ficie de quelques atouts&nbsp; : L&rsquo;entreprise LINDSAY : https:\/\/www.societe.com\/societe\/lindsay-europe-393321427.html Une antenne de l&rsquo;entreprise EDYCEM BETON<\/p>\n","protected":false},"author":2,"featured_media":0,"parent":0,"menu_order":0,"comment_status":"closed","ping_status":"closed","template":"","meta":{"_monsterinsights_skip_tracking":false,"_monsterinsights_sitenote_active":false,"_monsterinsights_sitenote_note":"","_monsterinsights_sitenote_category":0,"footnotes":""},"class_list":["post-3306","page","type-page","status-publish","hentry"],"_links":{"self":[{"href":"https:\/\/lachapelledaligne.com\/index.php?rest_route=\/wp\/v2\/pages\/3306","targetHints":{"allow":["GET"]}}],"collection":[{"href":"https:\/\/lachapelledaligne.com\/index.php?rest_route=\/wp\/v2\/pages"}],"about":[{"href":"https:\/\/lachapelledaligne.com\/index.php?rest_route=\/wp\/v2\/types\/page"}],"author":[{"embeddable":true,"href":"https:\/\/lachapelledaligne.com\/index.php?rest_route=\/wp\/v2\/users\/2"}],"replies":[{"embeddable":true,"href":"https:\/\/lachapelledaligne.com\/index.php?rest_route=%2Fwp%2Fv2%2Fcomments&post=3306"}],"version-history":[{"count":8,"href":"https:\/\/lachapelledaligne.com\/index.php?rest_route=\/wp\/v2\/pages\/3306\/revisions"}],"predecessor-version":[{"id":5171,"href":"https:\/\/lachapelledaligne.com\/index.php?rest_route=\/wp\/v2\/pages\/3306\/revisions\/5171"}],"wp:attachment":[{"href":"https:\/\/lachapelledaligne.com\/index.php?rest_route=%2Fwp%2Fv2%2Fmedia&parent=3306"}],"curies":[{"name":"wp","href":"https:\/\/api.w.org\/{rel}","templated":true}]}}